{"id":3688,"date":"2023-06-07T16:09:34","date_gmt":"2023-06-07T14:09:34","guid":{"rendered":"https:\/\/copp.lu\/?page_id=3688"},"modified":"2024-09-10T16:19:08","modified_gmt":"2024-09-10T14:19:08","slug":"dr-mihaela-dilion","status":"publish","type":"page","link":"https:\/\/copp.lu\/de\/das-zentrum\/unsere-aerzte\/dr-mihaela-dilion\/","title":{"rendered":"Dr Mihaela Dilion"},"content":{"rendered":"\n<style type=\"text\/css\" data-created_by=\"avia_inline_auto\" id=\"style-css-av-4m22i6-d6eeae894dcdfd22d5d27a8462e573aa\">\n.avia-section.av-4m22i6-d6eeae894dcdfd22d5d27a8462e573aa .av-parallax .av-parallax-inner{\nbackground-repeat:no-repeat;\nbackground-image:url(https:\/\/copp.lu\/wp-content\/uploads\/2023\/05\/Fond-Ophtalmo-Luxembourg-Paris-4.jpg);\nbackground-position:50% 0%;\nbackground-attachment:scroll;\n}\n<\/style>\n<div id='av_section_1'  class='avia-section av-4m22i6-d6eeae894dcdfd22d5d27a8462e573aa main_color avia-section-default avia-no-border-styling  avia-builder-el-0  el_before_av_section  avia-builder-el-first  avia-full-stretch av-parallax-section avia-bg-style-parallax container_wrap fullsize'  data-section-bg-repeat='stretch'><div class='av-parallax' data-avia-parallax-ratio='0.3' ><div class='av-parallax-inner main_color avia-full-stretch'><\/div><\/div><div class='container av-section-cont-open' ><main  role=\"main\" itemprop=\"mainContentOfPage\"  class='template-page content  av-content-full alpha units'><div class='post-entry post-entry-type-page post-entry-3688'><div class='entry-content-wrapper clearfix'>\n\n<style type=\"text\/css\" data-created_by=\"avia_inline_auto\" id=\"style-css-av-1820wa6-610c55a8957abab624c2e4cc282915ea\">\n.flex_column.av-1820wa6-610c55a8957abab624c2e4cc282915ea{\nborder-radius:10px 10px 10px 10px;\npadding:30px 30px 30px 30px;\nbackground-color:rgba(0,75,112,0.88);\n}\n<\/style>\n<div  class='flex_column av-1820wa6-610c55a8957abab624c2e4cc282915ea av_one_half  avia-builder-el-1  el_before_av_one_half  avia-builder-el-first  first flex_column_div  '     ><p>\n<style type=\"text\/css\" data-created_by=\"avia_inline_auto\" id=\"style-css-av-15tjqfy-6614dc6b4ba107308a257672fb78a4b8\">\n.av_font_icon.av-15tjqfy-6614dc6b4ba107308a257672fb78a4b8{\ncolor:#ffffff;\nborder-color:#ffffff;\n}\n.avia-svg-icon.av-15tjqfy-6614dc6b4ba107308a257672fb78a4b8 svg:first-child{\nstroke:#ffffff;\nfill:#ffffff;\n}\n.av_font_icon.av-15tjqfy-6614dc6b4ba107308a257672fb78a4b8 .av-icon-char{\nfont-size:40px;\nline-height:40px;\n}\n<\/style>\n<span  class='av_font_icon av-15tjqfy-6614dc6b4ba107308a257672fb78a4b8 avia_animate_when_visible av-icon-style- avia-icon-pos-center avia-iconfont avia-font-fontello avia-icon-animate'><span class='av-icon-char' data-av_icon='\ue848' data-av_iconfont='fontello' aria-hidden=\"true\" ><\/span><\/span><br \/>\n\n<style type=\"text\/css\" data-created_by=\"avia_inline_auto\" id=\"style-css-av-14q9zdq-64ab8ac2f0b923f05feaabfd01fa417d\">\n#top .hr.hr-invisible.av-14q9zdq-64ab8ac2f0b923f05feaabfd01fa417d{\nheight:30px;\n}\n<\/style>\n<div  class='hr av-14q9zdq-64ab8ac2f0b923f05feaabfd01fa417d hr-invisible  avia-builder-el-3  el_after_av_font_icon  el_before_av_textblock '><span class='hr-inner '><span class=\"hr-inner-style\"><\/span><\/span><\/div><br \/>\n\n<style type=\"text\/css\" data-created_by=\"avia_inline_auto\" id=\"style-css-av-lhrvixuk-bdb1c78f847d1a03b11a2e9c79da1bf4\">\n#top .av_textblock_section.av-lhrvixuk-bdb1c78f847d1a03b11a2e9c79da1bf4 .avia_textblock{\ncolor:#ffffff;\n}\n<\/style>\n<section  class='av_textblock_section av-lhrvixuk-bdb1c78f847d1a03b11a2e9c79da1bf4 '   itemscope=\"itemscope\" itemtype=\"https:\/\/schema.org\/CreativeWork\" ><div class='avia_textblock av_inherit_color'  itemprop=\"text\" ><h3 style=\"text-align: center;\">Le centre<\/h3>\n<h1 style=\"text-align: center; font-size: 28px;\"><span style=\"text-align: center; text-transform: none;\">Dr. Mihaela Dilion<\/span><br \/>\nAugenarzt Luxemburg<\/h1>\n<p style=\"text-align: center;\"><span><span><a href=\"https:\/\/copp.lu\/de\/\">Home<\/a><\/span><\/span><\/p>\n<\/div><\/section><\/p><\/div><div  class='flex_column av-12ajjoe-84f13de4fb17dbfa8db23f0a493d6343 av_one_half  avia-builder-el-5  el_after_av_one_half  avia-builder-el-last  flex_column_div  '     ><\/div>\n\n<\/div><\/div><\/main><!-- close content main element --><\/div><\/div><div id='av_section_2'  class='avia-section av-xkti9s-cba6d6ed06251b7f395d2d45efd09511 main_color avia-section-default avia-no-border-styling  avia-builder-el-6  el_after_av_section  el_before_av_section  avia-bg-style-scroll container_wrap fullsize'  ><div class='container av-section-cont-open' ><div class='template-page content  av-content-full alpha units'><div class='post-entry post-entry-type-page post-entry-3688'><div class='entry-content-wrapper clearfix'>\n\n<style type=\"text\/css\" data-created_by=\"avia_inline_auto\" id=\"style-css-av-wg6gio-ce9451e548b93b2c29f8d9e589872b57\">\n.flex_column.av-wg6gio-ce9451e548b93b2c29f8d9e589872b57{\nborder-radius:0px 0px 0px 0px;\npadding:0px 0px 0px 0px;\n}\n<\/style>\n<div  class='flex_column av-wg6gio-ce9451e548b93b2c29f8d9e589872b57 av_one_third  avia-builder-el-7  el_before_av_two_third  avia-builder-el-first  first flex_column_div av-zero-column-padding  '     ><style type=\"text\/css\" data-created_by=\"avia_inline_auto\" id=\"style-css-av-uyfnqo-e1883ebd0ba1c776a471fd921b786fb1\">\n.avia-image-container.av-uyfnqo-e1883ebd0ba1c776a471fd921b786fb1 img.avia_image{\nbox-shadow:none;\n}\n.avia-image-container.av-uyfnqo-e1883ebd0ba1c776a471fd921b786fb1 .av-image-caption-overlay-center{\ncolor:#ffffff;\n}\n<\/style>\n<div  class='avia-image-container av-uyfnqo-e1883ebd0ba1c776a471fd921b786fb1 av-styling- avia-align-center  avia-builder-el-8  avia-builder-el-no-sibling '   itemprop=\"image\" itemscope=\"itemscope\" itemtype=\"https:\/\/schema.org\/ImageObject\" ><div class=\"avia-image-container-inner\"><div class=\"avia-image-overlay-wrap\"><img decoding=\"async\" fetchpriority=\"high\" class='wp-image-4545 avia-img-lazy-loading-not-4545 avia_image ' src=\"https:\/\/copp.lu\/wp-content\/uploads\/2024\/09\/Dr-Mihaela-Dilion-Ophtalmologue-Luxembourg.jpg\" alt='' title='Dr-Mihaela-Dilion-Ophtalmologue-Luxembourg'  height=\"1000\" width=\"667\"  itemprop=\"thumbnailUrl\" srcset=\"https:\/\/copp.lu\/wp-content\/uploads\/2024\/09\/Dr-Mihaela-Dilion-Ophtalmologue-Luxembourg.jpg 667w, https:\/\/copp.lu\/wp-content\/uploads\/2024\/09\/Dr-Mihaela-Dilion-Ophtalmologue-Luxembourg-200x300.jpg 200w, https:\/\/copp.lu\/wp-content\/uploads\/2024\/09\/Dr-Mihaela-Dilion-Ophtalmologue-Luxembourg-470x705.jpg 470w\" sizes=\"(max-width: 667px) 100vw, 667px\" \/><\/div><\/div><\/div><\/div>\n<style type=\"text\/css\" data-created_by=\"avia_inline_auto\" id=\"style-css-av-sk2iq8-0b11694657084ddca3cd46402f83c948\">\n.flex_column.av-sk2iq8-0b11694657084ddca3cd46402f83c948{\nborder-radius:0px 0px 0px 0px;\npadding:0px 0px 0px 0px;\n}\n<\/style>\n<div  class='flex_column av-sk2iq8-0b11694657084ddca3cd46402f83c948 av_two_third  avia-builder-el-9  el_after_av_one_third  avia-builder-el-last  flex_column_div av-zero-column-padding  '     ><p>\n<style type=\"text\/css\" data-created_by=\"avia_inline_auto\" id=\"style-css-av-qswn5s-0b4fdb32b08bf73d55606e9d37a0be25\">\n#top .hr.hr-invisible.av-qswn5s-0b4fdb32b08bf73d55606e9d37a0be25{\nheight:20px;\n}\n<\/style>\n<div  class='hr av-qswn5s-0b4fdb32b08bf73d55606e9d37a0be25 hr-invisible  avia-builder-el-10  el_before_av_textblock  avia-builder-el-first '><span class='hr-inner '><span class=\"hr-inner-style\"><\/span><\/span><\/div><br \/>\n<section  class='av_textblock_section av-ppdw0w-535a09cb6a6d4b3df20b03d186a75d50 '   itemscope=\"itemscope\" itemtype=\"https:\/\/schema.org\/CreativeWork\" ><div class='avia_textblock'  itemprop=\"text\" ><h3><span style=\"color: #109bc5;\"><strong>Spezialit\u00e4ten<\/strong> :<\/span><\/h3>\n<p>\n<style type=\"text\/css\" data-created_by=\"avia_inline_auto\" id=\"style-css-av-qq5u22-b4a24429333e6e4d87e6810b70528404\">\n.av_font_icon.av-qq5u22-b4a24429333e6e4d87e6810b70528404{\ncolor:#004b70;\nborder-color:#004b70;\n}\n.avia-svg-icon.av-qq5u22-b4a24429333e6e4d87e6810b70528404 svg:first-child{\nstroke:#004b70;\nfill:#004b70;\n}\n.av_font_icon.av-qq5u22-b4a24429333e6e4d87e6810b70528404 .av-icon-char{\nfont-size:20px;\nline-height:20px;\n}\n<\/style>\n<span  class='av_font_icon av-qq5u22-b4a24429333e6e4d87e6810b70528404 avia_animate_when_visible av-icon-style- avia-icon-pos-left avia-iconfont avia-font-entypo-fontello avia-icon-animate'><span class='av-icon-char' data-av_icon='\ue875' data-av_iconfont='entypo-fontello' aria-hidden=\"true\" ><\/span><\/span>Netzhauterkrankungen: Diagnose und Behandlung<\/p>\n<p>\n<style type=\"text\/css\" data-created_by=\"avia_inline_auto\" id=\"style-css-av-ab8oq2-c520607c7142c1b8a6bacc7b948204f1\">\n.av_font_icon.av-ab8oq2-c520607c7142c1b8a6bacc7b948204f1{\ncolor:#004b70;\nborder-color:#004b70;\n}\n.avia-svg-icon.av-ab8oq2-c520607c7142c1b8a6bacc7b948204f1 svg:first-child{\nstroke:#004b70;\nfill:#004b70;\n}\n.av_font_icon.av-ab8oq2-c520607c7142c1b8a6bacc7b948204f1 .av-icon-char{\nfont-size:20px;\nline-height:20px;\n}\n<\/style>\n<span  class='av_font_icon av-ab8oq2-c520607c7142c1b8a6bacc7b948204f1 avia_animate_when_visible av-icon-style- avia-icon-pos-left avia-iconfont avia-font-entypo-fontello avia-icon-animate'><span class='av-icon-char' data-av_icon='\ue875' data-av_iconfont='entypo-fontello' aria-hidden=\"true\" ><\/span><\/span>Neuroophthalmologie: Diagnose und Behandlung<\/p>\n<p>\n<style type=\"text\/css\" data-created_by=\"avia_inline_auto\" id=\"style-css-av-ab8oq2-7-a99e2a1fc44df1948db66c03909a941e\">\n.av_font_icon.av-ab8oq2-7-a99e2a1fc44df1948db66c03909a941e{\ncolor:#004b70;\nborder-color:#004b70;\n}\n.avia-svg-icon.av-ab8oq2-7-a99e2a1fc44df1948db66c03909a941e svg:first-child{\nstroke:#004b70;\nfill:#004b70;\n}\n.av_font_icon.av-ab8oq2-7-a99e2a1fc44df1948db66c03909a941e .av-icon-char{\nfont-size:20px;\nline-height:20px;\n}\n<\/style>\n<span  class='av_font_icon av-ab8oq2-7-a99e2a1fc44df1948db66c03909a941e avia_animate_when_visible av-icon-style- avia-icon-pos-left avia-iconfont avia-font-entypo-fontello avia-icon-animate'><span class='av-icon-char' data-av_icon='\ue875' data-av_iconfont='entypo-fontello' aria-hidden=\"true\" ><\/span><\/span>Hornhautchirurgie, Hornhauttransplantate<\/p>\n<p>\n<style type=\"text\/css\" data-created_by=\"avia_inline_auto\" id=\"style-css-av-ab8oq2-6-99b5d6cad37eb9f549fd6e38462d5d07\">\n.av_font_icon.av-ab8oq2-6-99b5d6cad37eb9f549fd6e38462d5d07{\ncolor:#004b70;\nborder-color:#004b70;\n}\n.avia-svg-icon.av-ab8oq2-6-99b5d6cad37eb9f549fd6e38462d5d07 svg:first-child{\nstroke:#004b70;\nfill:#004b70;\n}\n.av_font_icon.av-ab8oq2-6-99b5d6cad37eb9f549fd6e38462d5d07 .av-icon-char{\nfont-size:20px;\nline-height:20px;\n}\n<\/style>\n<span  class='av_font_icon av-ab8oq2-6-99b5d6cad37eb9f549fd6e38462d5d07 avia_animate_when_visible av-icon-style- avia-icon-pos-left avia-iconfont avia-font-entypo-fontello avia-icon-animate'><span class='av-icon-char' data-av_icon='\ue875' data-av_iconfont='entypo-fontello' aria-hidden=\"true\" ><\/span><\/span>Glaukom: Diagnose und Behandlung (medikament\u00f6s, chirurgisch und mit Laser).<\/p>\n<h3><span style=\"color: #109bc5;\"><strong>Studien<\/strong> :<\/span><\/h3>\n<p>\n<style type=\"text\/css\" data-created_by=\"avia_inline_auto\" id=\"style-css-av-ab8oq2-5-4147963cf8ce87a448e6c3b26753f3d9\">\n.av_font_icon.av-ab8oq2-5-4147963cf8ce87a448e6c3b26753f3d9{\ncolor:#004b70;\nborder-color:#004b70;\n}\n.avia-svg-icon.av-ab8oq2-5-4147963cf8ce87a448e6c3b26753f3d9 svg:first-child{\nstroke:#004b70;\nfill:#004b70;\n}\n.av_font_icon.av-ab8oq2-5-4147963cf8ce87a448e6c3b26753f3d9 .av-icon-char{\nfont-size:20px;\nline-height:20px;\n}\n<\/style>\n<span  class='av_font_icon av-ab8oq2-5-4147963cf8ce87a448e6c3b26753f3d9 avia_animate_when_visible av-icon-style- avia-icon-pos-left avia-iconfont avia-font-entypo-fontello avia-icon-animate'><span class='av-icon-char' data-av_icon='\ue875' data-av_iconfont='entypo-fontello' aria-hidden=\"true\" ><\/span><\/span>FEBO: Fellow of the European Board of Ophthalmology.<\/p>\n<p>\n<style type=\"text\/css\" data-created_by=\"avia_inline_auto\" id=\"style-css-av-ab8oq2-4-8fe26684e0fd89ead094466be5312415\">\n.av_font_icon.av-ab8oq2-4-8fe26684e0fd89ead094466be5312415{\ncolor:#004b70;\nborder-color:#004b70;\n}\n.avia-svg-icon.av-ab8oq2-4-8fe26684e0fd89ead094466be5312415 svg:first-child{\nstroke:#004b70;\nfill:#004b70;\n}\n.av_font_icon.av-ab8oq2-4-8fe26684e0fd89ead094466be5312415 .av-icon-char{\nfont-size:20px;\nline-height:20px;\n}\n<\/style>\n<span  class='av_font_icon av-ab8oq2-4-8fe26684e0fd89ead094466be5312415 avia_animate_when_visible av-icon-style- avia-icon-pos-left avia-iconfont avia-font-entypo-fontello avia-icon-animate'><span class='av-icon-char' data-av_icon='\ue875' data-av_iconfont='entypo-fontello' aria-hidden=\"true\" ><\/span><\/span>Klinik f\u00fcr Augenheilkunde, Universit\u00e4t f\u00fcr Medizin und Pharmazie Cluj-Napoca, Rum\u00e4nien.<\/p>\n<p>\n<style type=\"text\/css\" data-created_by=\"avia_inline_auto\" id=\"style-css-av-ab8oq2-3-b76a446c189c9f04c85ca579d7e84217\">\n.av_font_icon.av-ab8oq2-3-b76a446c189c9f04c85ca579d7e84217{\ncolor:#004b70;\nborder-color:#004b70;\n}\n.avia-svg-icon.av-ab8oq2-3-b76a446c189c9f04c85ca579d7e84217 svg:first-child{\nstroke:#004b70;\nfill:#004b70;\n}\n.av_font_icon.av-ab8oq2-3-b76a446c189c9f04c85ca579d7e84217 .av-icon-char{\nfont-size:20px;\nline-height:20px;\n}\n<\/style>\n<span  class='av_font_icon av-ab8oq2-3-b76a446c189c9f04c85ca579d7e84217 avia_animate_when_visible av-icon-style- avia-icon-pos-left avia-iconfont avia-font-entypo-fontello avia-icon-animate'><span class='av-icon-char' data-av_icon='\ue875' data-av_iconfont='entypo-fontello' aria-hidden=\"true\" ><\/span><\/span>Abteilung f\u00fcr Augenheilkunde, Centre Hospitalier de Gonesse, Paris, Frankreich<\/p>\n<p>\n<style type=\"text\/css\" data-created_by=\"avia_inline_auto\" id=\"style-css-av-ab8oq2-2-a8ae607215ec4d4175463952b343a5ee\">\n.av_font_icon.av-ab8oq2-2-a8ae607215ec4d4175463952b343a5ee{\ncolor:#004b70;\nborder-color:#004b70;\n}\n.avia-svg-icon.av-ab8oq2-2-a8ae607215ec4d4175463952b343a5ee svg:first-child{\nstroke:#004b70;\nfill:#004b70;\n}\n.av_font_icon.av-ab8oq2-2-a8ae607215ec4d4175463952b343a5ee .av-icon-char{\nfont-size:20px;\nline-height:20px;\n}\n<\/style>\n<span  class='av_font_icon av-ab8oq2-2-a8ae607215ec4d4175463952b343a5ee avia_animate_when_visible av-icon-style- avia-icon-pos-left avia-iconfont avia-font-entypo-fontello avia-icon-animate'><span class='av-icon-char' data-av_icon='\ue875' data-av_iconfont='entypo-fontello' aria-hidden=\"true\" ><\/span><\/span>Abteilung f\u00fcr Augenheilkunde des Krankenhauses \u00c9douard Herriot, Lyon, Frankreich<\/p>\n<p>\n<style type=\"text\/css\" data-created_by=\"avia_inline_auto\" id=\"style-css-av-ab8oq2-1-0a8fc38a2ecb140c8b8ffc50487edf27\">\n.av_font_icon.av-ab8oq2-1-0a8fc38a2ecb140c8b8ffc50487edf27{\ncolor:#004b70;\nborder-color:#004b70;\n}\n.avia-svg-icon.av-ab8oq2-1-0a8fc38a2ecb140c8b8ffc50487edf27 svg:first-child{\nstroke:#004b70;\nfill:#004b70;\n}\n.av_font_icon.av-ab8oq2-1-0a8fc38a2ecb140c8b8ffc50487edf27 .av-icon-char{\nfont-size:20px;\nline-height:20px;\n}\n<\/style>\n<span  class='av_font_icon av-ab8oq2-1-0a8fc38a2ecb140c8b8ffc50487edf27 avia_animate_when_visible av-icon-style- avia-icon-pos-left avia-iconfont avia-font-entypo-fontello avia-icon-animate'><span class='av-icon-char' data-av_icon='\ue875' data-av_iconfont='entypo-fontello' aria-hidden=\"true\" ><\/span><\/span>Universit\u00e4t Joseph Fourier, Grenoble, Frankreich<\/p>\n<h3><span style=\"color: #109bc5;\"><strong>Mitglied von<\/strong> :<\/span><\/h3>\n<p>\n<style type=\"text\/css\" data-created_by=\"avia_inline_auto\" id=\"style-css-av-9110qy-80cc98fe065c17af56ba463980259473\">\n.av_font_icon.av-9110qy-80cc98fe065c17af56ba463980259473{\ncolor:#004b70;\nborder-color:#004b70;\n}\n.avia-svg-icon.av-9110qy-80cc98fe065c17af56ba463980259473 svg:first-child{\nstroke:#004b70;\nfill:#004b70;\n}\n.av_font_icon.av-9110qy-80cc98fe065c17af56ba463980259473 .av-icon-char{\nfont-size:20px;\nline-height:20px;\n}\n<\/style>\n<span  class='av_font_icon av-9110qy-80cc98fe065c17af56ba463980259473 avia_animate_when_visible av-icon-style- avia-icon-pos-left avia-iconfont avia-font-entypo-fontello avia-icon-animate'><span class='av-icon-char' data-av_icon='\ue875' data-av_iconfont='entypo-fontello' aria-hidden=\"true\" ><\/span><\/span>Euretina,<\/p>\n<p>\n<style type=\"text\/css\" data-created_by=\"avia_inline_auto\" id=\"style-css-av-9110qy-2-1997ea57f4d734102b5f5a0237551497\">\n.av_font_icon.av-9110qy-2-1997ea57f4d734102b5f5a0237551497{\ncolor:#004b70;\nborder-color:#004b70;\n}\n.avia-svg-icon.av-9110qy-2-1997ea57f4d734102b5f5a0237551497 svg:first-child{\nstroke:#004b70;\nfill:#004b70;\n}\n.av_font_icon.av-9110qy-2-1997ea57f4d734102b5f5a0237551497 .av-icon-char{\nfont-size:20px;\nline-height:20px;\n}\n<\/style>\n<span  class='av_font_icon av-9110qy-2-1997ea57f4d734102b5f5a0237551497 avia_animate_when_visible av-icon-style- avia-icon-pos-left avia-iconfont avia-font-entypo-fontello avia-icon-animate'><span class='av-icon-char' data-av_icon='\ue875' data-av_iconfont='entypo-fontello' aria-hidden=\"true\" ><\/span><\/span>ESCRS (European Society of Cataract and Refractive Surgeons),<\/p>\n<p>\n<style type=\"text\/css\" data-created_by=\"avia_inline_auto\" id=\"style-css-av-5paqzu-a22699125e8b24782317b730dd76da1a\">\n.av_font_icon.av-5paqzu-a22699125e8b24782317b730dd76da1a{\ncolor:#004b70;\nborder-color:#004b70;\n}\n.avia-svg-icon.av-5paqzu-a22699125e8b24782317b730dd76da1a svg:first-child{\nstroke:#004b70;\nfill:#004b70;\n}\n.av_font_icon.av-5paqzu-a22699125e8b24782317b730dd76da1a .av-icon-char{\nfont-size:20px;\nline-height:20px;\n}\n<\/style>\n<span  class='av_font_icon av-5paqzu-a22699125e8b24782317b730dd76da1a avia_animate_when_visible av-icon-style- avia-icon-pos-left avia-iconfont avia-font-entypo-fontello avia-icon-animate'><span class='av-icon-char' data-av_icon='\ue875' data-av_iconfont='entypo-fontello' aria-hidden=\"true\" ><\/span><\/span>SLO (Soci\u00e9t\u00e9 Luxembourgeoise d\u2019Ophtalmologie),<\/p>\n<p>\n<style type=\"text\/css\" data-created_by=\"avia_inline_auto\" id=\"style-css-av-dj8re-79acca36e7c18e8f32444fa6a0c1d968\">\n.av_font_icon.av-dj8re-79acca36e7c18e8f32444fa6a0c1d968{\ncolor:#004b70;\nborder-color:#004b70;\n}\n.avia-svg-icon.av-dj8re-79acca36e7c18e8f32444fa6a0c1d968 svg:first-child{\nstroke:#004b70;\nfill:#004b70;\n}\n.av_font_icon.av-dj8re-79acca36e7c18e8f32444fa6a0c1d968 .av-icon-char{\nfont-size:20px;\nline-height:20px;\n}\n<\/style>\n<span  class='av_font_icon av-dj8re-79acca36e7c18e8f32444fa6a0c1d968 avia_animate_when_visible av-icon-style- avia-icon-pos-left avia-iconfont avia-font-entypo-fontello avia-icon-animate'><span class='av-icon-char' data-av_icon='\ue875' data-av_iconfont='entypo-fontello' aria-hidden=\"true\" ><\/span><\/span>SFO (Soci\u00e9t\u00e9 Fran\u00e7aise d\u2019Ophtalmologie),<\/p>\n<p>\n<style type=\"text\/css\" data-created_by=\"avia_inline_auto\" id=\"style-css-av-9110qy-1-a4cb4e0ea2a7bc6aefc5df6be88e1b7a\">\n.av_font_icon.av-9110qy-1-a4cb4e0ea2a7bc6aefc5df6be88e1b7a{\ncolor:#004b70;\nborder-color:#004b70;\n}\n.avia-svg-icon.av-9110qy-1-a4cb4e0ea2a7bc6aefc5df6be88e1b7a svg:first-child{\nstroke:#004b70;\nfill:#004b70;\n}\n.av_font_icon.av-9110qy-1-a4cb4e0ea2a7bc6aefc5df6be88e1b7a .av-icon-char{\nfont-size:20px;\nline-height:20px;\n}\n<\/style>\n<span  class='av_font_icon av-9110qy-1-a4cb4e0ea2a7bc6aefc5df6be88e1b7a avia_animate_when_visible av-icon-style- avia-icon-pos-left avia-iconfont avia-font-entypo-fontello avia-icon-animate'><span class='av-icon-char' data-av_icon='\ue875' data-av_iconfont='entypo-fontello' aria-hidden=\"true\" ><\/span><\/span>SFR (Soci\u00e9t\u00e9 Fran\u00e7aise de R\u00e9tine)<\/p>\n<\/div><\/section><\/p><\/div><\/div><\/div><\/div><!-- close content main div --><\/div><\/div><div id='av_section_3'  class='avia-section av-d062o8-05d4222d4faa68e196eb8080dc810491 main_color avia-section-default avia-no-border-styling  avia-builder-el-26  el_after_av_section  el_before_av_section  av-small-hide av-mini-hide avia-bg-style-scroll container_wrap fullsize'  ><div class='container av-section-cont-open' ><div class='template-page content  av-content-full alpha units'><div class='post-entry post-entry-type-page post-entry-3688'><div class='entry-content-wrapper clearfix'>\n\n<style type=\"text\/css\" data-created_by=\"avia_inline_auto\" id=\"style-css-av-asox4o-2a0d0f0522abbf3a4040ea6451d6cc77\">\n.flex_column.av-asox4o-2a0d0f0522abbf3a4040ea6451d6cc77{\npadding:50px 50px 50px 50px;\nbackground:url(https:\/\/copp.lu\/wp-content\/uploads\/2023\/05\/Fond-Ophtalmo-Luxembourg-Paris.jpg) 100% 100% no-repeat scroll ;\n}\n<\/style>\n<div  class='flex_column av-asox4o-2a0d0f0522abbf3a4040ea6451d6cc77 av_one_full  avia-builder-el-27  avia-builder-el-no-sibling  first flex_column_div avia-full-stretch  '     ><p><div  class='avia-button-wrap av-9dyse0-17028fca1d1ecd3a4e452dabcd7f7d42-wrap avia-button-left  avia-builder-el-28  el_before_av_textblock  avia-builder-el-first '>\n<style type=\"text\/css\" data-created_by=\"avia_inline_auto\" id=\"style-css-av-9dyse0-17028fca1d1ecd3a4e452dabcd7f7d42\">\n#top #wrap_all .avia-button.av-9dyse0-17028fca1d1ecd3a4e452dabcd7f7d42{\nbackground-color:#004b70;\nborder-color:#004b70;\ncolor:#ffffff;\ntransition:all 0.4s ease-in-out;\n}\n#top #wrap_all .avia-button.av-9dyse0-17028fca1d1ecd3a4e452dabcd7f7d42 .avia-svg-icon svg:first-child{\nfill:#ffffff;\nstroke:#ffffff;\n}\n<\/style>\n<a href='https:\/\/copp.lu\/de\/kontakt\/'  class='avia-button av-9dyse0-17028fca1d1ecd3a4e452dabcd7f7d42 av-link-btn avia-icon_select-yes-left-icon avia-size-x-large avia-position-left'   aria-label=\"Vereinbaren Sie online einen Termin, indem Sie hier klicken\"><span class='avia_button_icon avia_button_icon_left avia-iconfont avia-font-fontello' data-av_icon='\ue836' data-av_iconfont='fontello' ><\/span><span class='avia_iconbox_title' >Vereinbaren Sie online einen Termin, indem Sie hier klicken<\/span><\/a><\/div><br \/>\n\n<style type=\"text\/css\" data-created_by=\"avia_inline_auto\" id=\"style-css-av-7em794-23214280211d9c3a1946090f834afba2\">\n#top .av_textblock_section.av-7em794-23214280211d9c3a1946090f834afba2 .avia_textblock{\nfont-size:25px;\ncolor:#000000;\n}\n<\/style>\n<section  class='av_textblock_section av-7em794-23214280211d9c3a1946090f834afba2 '   itemscope=\"itemscope\" itemtype=\"https:\/\/schema.org\/CreativeWork\" ><div class='avia_textblock av_inherit_color'  itemprop=\"text\" ><p>Wir k\u00fcmmern uns um alle Augenkrankheiten,<br \/>\nVon der Erstdiagnose bis zur regelm\u00e4\u00dfigen Nachsorge.<\/p>\n<\/div><\/section><\/p><\/div>\n<\/p>\n<\/div><\/div><\/div><!-- close content main div --><\/div><\/div><div id='av_section_4'  class='avia-section av-5gvp60-af4c2037e832a3bf3a2b344d72540a88 main_color avia-section-default avia-no-border-styling  avia-builder-el-30  el_after_av_section  avia-builder-el-last  av-desktop-hide av-medium-hide avia-bg-style-scroll container_wrap fullsize'  ><div class='container av-section-cont-open' ><div class='template-page content  av-content-full alpha units'><div class='post-entry post-entry-type-page post-entry-3688'><div class='entry-content-wrapper clearfix'>\n\n<style type=\"text\/css\" data-created_by=\"avia_inline_auto\" id=\"style-css-av-f24qg-a1708533dec7ba2e25317ecbb36f5160\">\n.flex_column.av-f24qg-a1708533dec7ba2e25317ecbb36f5160{\npadding:50px 50px 50px 50px;\nbackground:url(https:\/\/copp.lu\/wp-content\/uploads\/2023\/05\/Fond-Ophtalmo-Luxembourg-Paris.jpg) 100% 100% no-repeat scroll ;\n}\n<\/style>\n<div  class='flex_column av-f24qg-a1708533dec7ba2e25317ecbb36f5160 av_one_full  avia-builder-el-31  avia-builder-el-no-sibling  first flex_column_div avia-full-stretch  '     ><div  class='avia-button-wrap av-20i8w8-88777b3089dbceb4388fa518f1085973-wrap avia-button-left  avia-builder-el-32  avia-builder-el-no-sibling '>\n<style type=\"text\/css\" data-created_by=\"avia_inline_auto\" id=\"style-css-av-20i8w8-88777b3089dbceb4388fa518f1085973\">\n#top #wrap_all .avia-button.av-20i8w8-88777b3089dbceb4388fa518f1085973{\nbackground-color:#004b70;\nborder-color:#004b70;\ncolor:#ffffff;\ntransition:all 0.4s ease-in-out;\n}\n#top #wrap_all .avia-button.av-20i8w8-88777b3089dbceb4388fa518f1085973 .avia-svg-icon svg:first-child{\nfill:#ffffff;\nstroke:#ffffff;\n}\n<\/style>\n<a href='https:\/\/copp.lu\/de\/kontakt\/'  class='avia-button av-20i8w8-88777b3089dbceb4388fa518f1085973 av-link-btn avia-icon_select-yes-left-icon avia-size-x-large avia-position-left'   aria-label=\"Vereinbaren Sie online einen Termin, indem Sie hier klicken\"><span class='avia_button_icon avia_button_icon_left avia-iconfont avia-font-fontello' data-av_icon='\ue836' data-av_iconfont='fontello' ><\/span><span class='avia_iconbox_title' >Vereinbaren Sie online einen Termin, indem Sie hier klicken<\/span><\/a><\/div><\/div>\n\n","protected":false},"excerpt":{"rendered":"","protected":false},"author":2,"featured_media":0,"parent":2228,"menu_order":0,"comment_status":"closed","ping_status":"closed","template":"","meta":{"footnotes":""},"class_list":["post-3688","page","type-page","status-publish","hentry"],"yoast_head":"<!-- This site is optimized with the Yoast SEO plugin v27.3 - https:\/\/yoast.com\/product\/yoast-seo-wordpress\/ -->\n<title>Dr Mihaela Dilion - Centre Ophtalmologique Place de Paris Luxembourg<\/title>\n<meta name=\"robots\" content=\"index, follow, max-snippet:-1, max-image-preview:large, max-video-preview:-1\" \/>\n<link rel=\"canonical\" href=\"https:\/\/copp.lu\/de\/das-zentrum\/unsere-aerzte\/dr-mihaela-dilion\/\" \/>\n<meta property=\"og:locale\" content=\"de_DE\" \/>\n<meta property=\"og:type\" content=\"article\" \/>\n<meta property=\"og:title\" content=\"Dr Mihaela Dilion - Centre Ophtalmologique Place de Paris Luxembourg\" \/>\n<meta property=\"og:url\" content=\"https:\/\/copp.lu\/de\/das-zentrum\/unsere-aerzte\/dr-mihaela-dilion\/\" \/>\n<meta property=\"og:site_name\" content=\"Centre Ophtalmologique Place de Paris Luxembourg\" \/>\n<meta property=\"article:modified_time\" content=\"2024-09-10T14:19:08+00:00\" \/>\n<meta name=\"twitter:card\" content=\"summary_large_image\" \/>\n<meta name=\"twitter:label1\" content=\"Gesch\u00e4tzte Lesezeit\" \/>\n\t<meta name=\"twitter:data1\" content=\"1\u00a0Minute\" \/>\n<script type=\"application\/ld+json\" class=\"yoast-schema-graph\">{\"@context\":\"https:\\\/\\\/schema.org\",\"@graph\":[{\"@type\":\"WebPage\",\"@id\":\"https:\\\/\\\/copp.lu\\\/de\\\/das-zentrum\\\/unsere-aerzte\\\/dr-mihaela-dilion\\\/\",\"url\":\"https:\\\/\\\/copp.lu\\\/de\\\/das-zentrum\\\/unsere-aerzte\\\/dr-mihaela-dilion\\\/\",\"name\":\"Dr Mihaela Dilion - Centre Ophtalmologique Place de Paris Luxembourg\",\"isPartOf\":{\"@id\":\"https:\\\/\\\/copp.lu\\\/de\\\/#website\"},\"datePublished\":\"2023-06-07T14:09:34+00:00\",\"dateModified\":\"2024-09-10T14:19:08+00:00\",\"breadcrumb\":{\"@id\":\"https:\\\/\\\/copp.lu\\\/de\\\/das-zentrum\\\/unsere-aerzte\\\/dr-mihaela-dilion\\\/#breadcrumb\"},\"inLanguage\":\"de\",\"potentialAction\":[{\"@type\":\"ReadAction\",\"target\":[\"https:\\\/\\\/copp.lu\\\/de\\\/das-zentrum\\\/unsere-aerzte\\\/dr-mihaela-dilion\\\/\"]}]},{\"@type\":\"BreadcrumbList\",\"@id\":\"https:\\\/\\\/copp.lu\\\/de\\\/das-zentrum\\\/unsere-aerzte\\\/dr-mihaela-dilion\\\/#breadcrumb\",\"itemListElement\":[{\"@type\":\"ListItem\",\"position\":1,\"name\":\"Home\",\"item\":\"https:\\\/\\\/copp.lu\\\/de\\\/\"},{\"@type\":\"ListItem\",\"position\":2,\"name\":\"Das Zentrum\",\"item\":\"https:\\\/\\\/copp.lu\\\/de\\\/das-zentrum\\\/\"},{\"@type\":\"ListItem\",\"position\":3,\"name\":\"Unsere \u00c4rzte\",\"item\":\"https:\\\/\\\/copp.lu\\\/de\\\/das-zentrum\\\/unsere-aerzte\\\/\"},{\"@type\":\"ListItem\",\"position\":4,\"name\":\"Dr Mihaela Dilion\"}]},{\"@type\":\"WebSite\",\"@id\":\"https:\\\/\\\/copp.lu\\\/de\\\/#website\",\"url\":\"https:\\\/\\\/copp.lu\\\/de\\\/\",\"name\":\"Centre Ophtalmologique Place de Paris Luxembourg\",\"description\":\"Ophtalmologie au Luxembourg\",\"publisher\":{\"@id\":\"https:\\\/\\\/copp.lu\\\/de\\\/#organization\"},\"potentialAction\":[{\"@type\":\"SearchAction\",\"target\":{\"@type\":\"EntryPoint\",\"urlTemplate\":\"https:\\\/\\\/copp.lu\\\/de\\\/?s={search_term_string}\"},\"query-input\":{\"@type\":\"PropertyValueSpecification\",\"valueRequired\":true,\"valueName\":\"search_term_string\"}}],\"inLanguage\":\"de\"},{\"@type\":\"Organization\",\"@id\":\"https:\\\/\\\/copp.lu\\\/de\\\/#organization\",\"name\":\"Centre Ophtalmologique Place de Paris au Luxembourg\",\"url\":\"https:\\\/\\\/copp.lu\\\/de\\\/\",\"logo\":{\"@type\":\"ImageObject\",\"inLanguage\":\"de\",\"@id\":\"https:\\\/\\\/copp.lu\\\/de\\\/#\\\/schema\\\/logo\\\/image\\\/\",\"url\":\"https:\\\/\\\/copp.lu\\\/wp-content\\\/uploads\\\/2020\\\/06\\\/logo_luxeyes_Taste_V6-01.png\",\"contentUrl\":\"https:\\\/\\\/copp.lu\\\/wp-content\\\/uploads\\\/2020\\\/06\\\/logo_luxeyes_Taste_V6-01.png\",\"width\":2544,\"height\":744,\"caption\":\"Centre Ophtalmologique Place de Paris au Luxembourg\"},\"image\":{\"@id\":\"https:\\\/\\\/copp.lu\\\/de\\\/#\\\/schema\\\/logo\\\/image\\\/\"}}]}<\/script>\n<!-- \/ Yoast SEO plugin. -->","yoast_head_json":{"title":"Dr Mihaela Dilion - Centre Ophtalmologique Place de Paris Luxembourg","robots":{"index":"index","follow":"follow","max-snippet":"max-snippet:-1","max-image-preview":"max-image-preview:large","max-video-preview":"max-video-preview:-1"},"canonical":"https:\/\/copp.lu\/de\/das-zentrum\/unsere-aerzte\/dr-mihaela-dilion\/","og_locale":"de_DE","og_type":"article","og_title":"Dr Mihaela Dilion - Centre Ophtalmologique Place de Paris Luxembourg","og_url":"https:\/\/copp.lu\/de\/das-zentrum\/unsere-aerzte\/dr-mihaela-dilion\/","og_site_name":"Centre Ophtalmologique Place de Paris Luxembourg","article_modified_time":"2024-09-10T14:19:08+00:00","twitter_card":"summary_large_image","twitter_misc":{"Gesch\u00e4tzte Lesezeit":"1\u00a0Minute"},"schema":{"@context":"https:\/\/schema.org","@graph":[{"@type":"WebPage","@id":"https:\/\/copp.lu\/de\/das-zentrum\/unsere-aerzte\/dr-mihaela-dilion\/","url":"https:\/\/copp.lu\/de\/das-zentrum\/unsere-aerzte\/dr-mihaela-dilion\/","name":"Dr Mihaela Dilion - Centre Ophtalmologique Place de Paris Luxembourg","isPartOf":{"@id":"https:\/\/copp.lu\/de\/#website"},"datePublished":"2023-06-07T14:09:34+00:00","dateModified":"2024-09-10T14:19:08+00:00","breadcrumb":{"@id":"https:\/\/copp.lu\/de\/das-zentrum\/unsere-aerzte\/dr-mihaela-dilion\/#breadcrumb"},"inLanguage":"de","potentialAction":[{"@type":"ReadAction","target":["https:\/\/copp.lu\/de\/das-zentrum\/unsere-aerzte\/dr-mihaela-dilion\/"]}]},{"@type":"BreadcrumbList","@id":"https:\/\/copp.lu\/de\/das-zentrum\/unsere-aerzte\/dr-mihaela-dilion\/#breadcrumb","itemListElement":[{"@type":"ListItem","position":1,"name":"Home","item":"https:\/\/copp.lu\/de\/"},{"@type":"ListItem","position":2,"name":"Das Zentrum","item":"https:\/\/copp.lu\/de\/das-zentrum\/"},{"@type":"ListItem","position":3,"name":"Unsere \u00c4rzte","item":"https:\/\/copp.lu\/de\/das-zentrum\/unsere-aerzte\/"},{"@type":"ListItem","position":4,"name":"Dr Mihaela Dilion"}]},{"@type":"WebSite","@id":"https:\/\/copp.lu\/de\/#website","url":"https:\/\/copp.lu\/de\/","name":"Centre Ophtalmologique Place de Paris Luxembourg","description":"Ophtalmologie au Luxembourg","publisher":{"@id":"https:\/\/copp.lu\/de\/#organization"},"potentialAction":[{"@type":"SearchAction","target":{"@type":"EntryPoint","urlTemplate":"https:\/\/copp.lu\/de\/?s={search_term_string}"},"query-input":{"@type":"PropertyValueSpecification","valueRequired":true,"valueName":"search_term_string"}}],"inLanguage":"de"},{"@type":"Organization","@id":"https:\/\/copp.lu\/de\/#organization","name":"Centre Ophtalmologique Place de Paris au Luxembourg","url":"https:\/\/copp.lu\/de\/","logo":{"@type":"ImageObject","inLanguage":"de","@id":"https:\/\/copp.lu\/de\/#\/schema\/logo\/image\/","url":"https:\/\/copp.lu\/wp-content\/uploads\/2020\/06\/logo_luxeyes_Taste_V6-01.png","contentUrl":"https:\/\/copp.lu\/wp-content\/uploads\/2020\/06\/logo_luxeyes_Taste_V6-01.png","width":2544,"height":744,"caption":"Centre Ophtalmologique Place de Paris au Luxembourg"},"image":{"@id":"https:\/\/copp.lu\/de\/#\/schema\/logo\/image\/"}}]}},"_links":{"self":[{"href":"https:\/\/copp.lu\/de\/wp-json\/wp\/v2\/pages\/3688","targetHints":{"allow":["GET"]}}],"collection":[{"href":"https:\/\/copp.lu\/de\/wp-json\/wp\/v2\/pages"}],"about":[{"href":"https:\/\/copp.lu\/de\/wp-json\/wp\/v2\/types\/page"}],"author":[{"embeddable":true,"href":"https:\/\/copp.lu\/de\/wp-json\/wp\/v2\/users\/2"}],"replies":[{"embeddable":true,"href":"https:\/\/copp.lu\/de\/wp-json\/wp\/v2\/comments?post=3688"}],"version-history":[{"count":3,"href":"https:\/\/copp.lu\/de\/wp-json\/wp\/v2\/pages\/3688\/revisions"}],"predecessor-version":[{"id":4707,"href":"https:\/\/copp.lu\/de\/wp-json\/wp\/v2\/pages\/3688\/revisions\/4707"}],"up":[{"embeddable":true,"href":"https:\/\/copp.lu\/de\/wp-json\/wp\/v2\/pages\/2228"}],"wp:attachment":[{"href":"https:\/\/copp.lu\/de\/wp-json\/wp\/v2\/media?parent=3688"}],"curies":[{"name":"wp","href":"https:\/\/api.w.org\/{rel}","templated":true}]}}