{"id":2214,"date":"2022-03-10T10:57:33","date_gmt":"2022-03-10T09:57:33","guid":{"rendered":"https:\/\/copp.lu\/?page_id=2214"},"modified":"2023-06-07T16:00:48","modified_gmt":"2023-06-07T14:00:48","slug":"technologie-und-ausstattung","status":"publish","type":"page","link":"https:\/\/copp.lu\/de\/augenlasern\/technologie-und-ausstattung\/","title":{"rendered":"Technologie und Ausstattung"},"content":{"rendered":"\n<style type=\"text\/css\" data-created_by=\"avia_inline_auto\" id=\"style-css-av-17ozx3q-2fba5feffe15333abcbae1fb33535d8c\">\n.avia-section.av-17ozx3q-2fba5feffe15333abcbae1fb33535d8c .av-parallax .av-parallax-inner{\nbackground-repeat:no-repeat;\nbackground-image:url(https:\/\/copp.lu\/wp-content\/uploads\/2023\/05\/Fond-Ophtalmo-Luxembourg-Paris-4.jpg);\nbackground-position:50% 0%;\nbackground-attachment:scroll;\n}\n<\/style>\n<div id='av_section_1'  class='avia-section av-17ozx3q-2fba5feffe15333abcbae1fb33535d8c main_color avia-section-default avia-no-border-styling  avia-builder-el-0  el_before_av_section  avia-builder-el-first  avia-full-stretch av-parallax-section avia-bg-style-parallax container_wrap fullsize'  data-section-bg-repeat='stretch'><div class='av-parallax' data-avia-parallax-ratio='0.3' ><div class='av-parallax-inner main_color avia-full-stretch'><\/div><\/div><div class='container av-section-cont-open' ><main  role=\"main\" itemprop=\"mainContentOfPage\"  class='template-page content  av-content-full alpha units'><div class='post-entry post-entry-type-page post-entry-2214'><div class='entry-content-wrapper clearfix'>\n\n<style type=\"text\/css\" data-created_by=\"avia_inline_auto\" id=\"style-css-av-166rrbq-981071f9730330d8c90abb93eddb42b8\">\n.flex_column.av-166rrbq-981071f9730330d8c90abb93eddb42b8{\nborder-radius:10px 10px 10px 10px;\npadding:30px 30px 30px 30px;\nbackground-color:rgba(0,75,112,0.88);\n}\n<\/style>\n<div  class='flex_column av-166rrbq-981071f9730330d8c90abb93eddb42b8 av_one_half  avia-builder-el-1  el_before_av_one_half  avia-builder-el-first  first flex_column_div  '     ><p>\n<style type=\"text\/css\" data-created_by=\"avia_inline_auto\" id=\"style-css-av-13w5v52-30f67388940b4a427581099b16bfda59\">\n.av_font_icon.av-13w5v52-30f67388940b4a427581099b16bfda59{\ncolor:#ffffff;\nborder-color:#ffffff;\n}\n.avia-svg-icon.av-13w5v52-30f67388940b4a427581099b16bfda59 svg:first-child{\nstroke:#ffffff;\nfill:#ffffff;\n}\n.av_font_icon.av-13w5v52-30f67388940b4a427581099b16bfda59 .av-icon-char{\nfont-size:40px;\nline-height:40px;\n}\n<\/style>\n<span  class='av_font_icon av-13w5v52-30f67388940b4a427581099b16bfda59 avia_animate_when_visible av-icon-style- avia-icon-pos-center avia-iconfont avia-font-fontello avia-icon-animate'><span class='av-icon-char' data-av_icon='\ue889' data-av_iconfont='fontello' aria-hidden=\"true\" ><\/span><\/span><br \/>\n\n<style type=\"text\/css\" data-created_by=\"avia_inline_auto\" id=\"style-css-av-12zwdva-f4be8d828716b5b06e2d7b456277c3a0\">\n#top .hr.hr-invisible.av-12zwdva-f4be8d828716b5b06e2d7b456277c3a0{\nheight:30px;\n}\n<\/style>\n<div  class='hr av-12zwdva-f4be8d828716b5b06e2d7b456277c3a0 hr-invisible  avia-builder-el-3  el_after_av_font_icon  el_before_av_textblock '><span class='hr-inner '><span class=\"hr-inner-style\"><\/span><\/span><\/div><br \/>\n\n<style type=\"text\/css\" data-created_by=\"avia_inline_auto\" id=\"style-css-av-lilqs9wn-f79171e556daa4948ce5fe3fa74069ee\">\n#top .av_textblock_section.av-lilqs9wn-f79171e556daa4948ce5fe3fa74069ee .avia_textblock{\ncolor:#ffffff;\n}\n<\/style>\n<section  class='av_textblock_section av-lilqs9wn-f79171e556daa4948ce5fe3fa74069ee '   itemscope=\"itemscope\" itemtype=\"https:\/\/schema.org\/CreativeWork\" ><div class='avia_textblock av_inherit_color'  itemprop=\"text\" ><h3 style=\"text-align: center;\">Refraktive chirurgie<\/h3>\n<h1 style=\"text-align: center; font-size: 30px;\"><span style=\"text-align: center; text-transform: none;\"> Technologie und Ausstattung <\/span><\/h1>\n<p style=\"text-align: center;\"><span><span><a href=\"https:\/\/copp.lu\/de\/\">Home<\/a><\/span><\/span><\/p>\n<\/div><\/section><\/p><\/div><div  class='flex_column av-10q5s86-fbb5d467fcd80546082617ee2c3b105e av_one_half  avia-builder-el-5  el_after_av_one_half  avia-builder-el-last  flex_column_div  '     ><\/div><\/div><\/div><\/main><!-- close content main element --><\/div><\/div><div id='av_section_2'  class='avia-section av-zcvqhi-c007ca0f4ca90ccd1ff99bdcd9b6bcf7 main_color avia-section-default avia-no-border-styling  avia-builder-el-6  el_after_av_section  el_before_av_layout_row  avia-bg-style-scroll container_wrap fullsize'  ><div class='container av-section-cont-open' ><div class='template-page content  av-content-full alpha units'><div class='post-entry post-entry-type-page post-entry-2214'><div class='entry-content-wrapper clearfix'>\n\n<style type=\"text\/css\" data-created_by=\"avia_inline_auto\" id=\"style-css-av-yngydy-d78fa000bd53b5cb63b3df3a0fcbb41c\">\n.flex_column.av-yngydy-d78fa000bd53b5cb63b3df3a0fcbb41c{\nborder-radius:0px 0px 0px 0px;\npadding:0px 0px 0px 0px;\n}\n<\/style>\n<div  class='flex_column av-yngydy-d78fa000bd53b5cb63b3df3a0fcbb41c av_one_full  avia-builder-el-7  avia-builder-el-no-sibling  first flex_column_div av-zero-column-padding  '     ><section  class='av_textblock_section av-vzadly-878c8368617391914e6b9fe8bc7fe013 '   itemscope=\"itemscope\" itemtype=\"https:\/\/schema.org\/CreativeWork\" ><div class='avia_textblock'  itemprop=\"text\" ><p style=\"text-align: justify;\">Die Mission des Centre Ophtalmologique Place de Paris ist es, seinen Patienten die bestm\u00f6gliche Behandlung zu bieten. Ergebnisse und Sicherheit haben dabei oberste Priorit\u00e4t. Daher ist das Zentrum mit zwei Lasern der neuesten Generation ausgestattet.<\/p>\n<h2><b> Laser-Ausstattung <\/b><\/h2>\n<p style=\"text-align: justify;\">F\u00fcr Laserbehandlungen ist das Zentrum mit der Alcon-Wavelight Refractive Suite ausgestattet. Sie besteht aus zwei Lasern der neuesten Generation, die zu den schnellsten der Welt geh\u00f6ren.<br \/>\nIm Gegensatz zu anderen Femtosekunden- und Excimer-Lasern, die als unabh\u00e4ngige Einheiten arbeiten, sind der FS200 und der EX500 \u00fcber ein Intranet mit den Diagnoseger\u00e4ten verbunden: das Wave-net. Das gesamte LASIK-Verfahren kann daher nach einer f\u00fcr beide Laser gemeinsamen Software programmiert und gestaltet werden.<\/p>\n<p>Die Laser EX500 und FS200 unterliegen einen Wartungsvertrag und werden regelm\u00e4\u00dfig \u00fcberpr\u00fcft, um einen einwandfreien Betrieb zu gew\u00e4hrleisten.<\/p>\n<h3>Femtosekundenlaser FS200<\/h3>\n<p style=\"text-align: justify;\">Dieser Laser erm\u00f6glicht in nur 6 Sekunden die Erstellung eines d\u00fcnnen Hornhaut-Flaps mit hoher Pr\u00e4zision. Der Einsatz des Femtosekundenlasers hat viele Vorteile hinsichtlich Sicherheit und Pr\u00e4zision gegen\u00fcber einem mechanischen Schnitt mit einem Mikrokeratom.<\/p>\n<h3>Excimer EX500<\/h3>\n<p style=\"text-align: justify;\">Dieser Laser f\u00fchrt die refraktive Skulptur der Hornhaut durch, um den Sehfehler zu behandeln. Es ist ein Excimer-Laser mit 500 Hz und erm\u00f6glicht so die Korrektur von einer Dioptrie in 1,4 Sekunden. So dauert die Korrektur einer Myopie von 5 Dioptrien nur 7 Sekunden. Der EX500 verf\u00fcgt \u00fcber ein &#8222;Eye Tracking&#8220;-System, das es ihm erm\u00f6glicht, die Mikrobewegungen des Auges w\u00e4hrend der Behandlung zu verfolgen und auch die Zyklotorsion im Liegen zu kompensieren.<\/p>\n<\/div><\/section><\/div><\/div><\/div><\/div><!-- close content main div --><\/div><\/div><div id='av-layout-grid-1'  class='av-layout-grid-container av-uwkruu-3bce3749f3a64846fe5d8cda6a873eac entry-content-wrapper main_color av-flex-cells  avia-builder-el-9  el_after_av_section  el_before_av_section  grid-row-not-first  container_wrap fullsize'  >\n<div class='flex_cell av-sl2aty-24114c0e88dec8865306f28c4897bda4 av-gridrow-cell av_one_full no_margin  avia-builder-el-10  avia-builder-el-no-sibling '  ><div class='flex_cell_inner'><p>\n<style type=\"text\/css\" data-created_by=\"avia_inline_auto\" id=\"style-css-av-rsdmwm-1d9529cc23806e0243928ab411bc3468\">\n.flex_column.av-rsdmwm-1d9529cc23806e0243928ab411bc3468{\nwidth:31.333333333333%;\n}\n<\/style>\n<div  class='flex_column av-rsdmwm-1d9529cc23806e0243928ab411bc3468 av_one_third  avia-builder-el-11  el_before_av_one_third  avia-builder-el-first  first flex_column_div  '     ><style type=\"text\/css\" data-created_by=\"avia_inline_auto\" id=\"style-css-av-pa6w6u-99c1dfb24f1d663bb8ef3ca031f7a6a7\">\n.avia-image-container.av-pa6w6u-99c1dfb24f1d663bb8ef3ca031f7a6a7 img.avia_image{\nbox-shadow:none;\n}\n.avia-image-container.av-pa6w6u-99c1dfb24f1d663bb8ef3ca031f7a6a7 .av-caption-image-overlay-bg{\nopacity:0.4;\n}\n<\/style>\n<div  class='avia-image-container av-pa6w6u-99c1dfb24f1d663bb8ef3ca031f7a6a7 av-styling- avia-align-center  avia-builder-el-12  avia-builder-el-no-sibling  noHover av-overlay-on-hover'   itemprop=\"image\" itemscope=\"itemscope\" itemtype=\"https:\/\/schema.org\/ImageObject\" ><div class=\"avia-image-container-inner\"><div class=\"avia-image-overlay-wrap\"><div class=\"av-image-caption-overlay\"><div class=\"av-caption-image-overlay-bg\"><\/div><div class=\"av-image-caption-overlay-position\"><div class=\"av-image-caption-overlay-center\"><\/div><\/div><\/div><img decoding=\"async\" fetchpriority=\"high\" class='wp-image-1974 avia-img-lazy-loading-not-1974 avia_image ' src=\"https:\/\/copp.lu\/wp-content\/uploads\/2020\/06\/Untersuchungsraum-scaled.jpg\" alt='' title='Untersuchungsraum'  height=\"1707\" width=\"2560\"  itemprop=\"thumbnailUrl\" srcset=\"https:\/\/copp.lu\/wp-content\/uploads\/2020\/06\/Untersuchungsraum-scaled.jpg 2560w, https:\/\/copp.lu\/wp-content\/uploads\/2020\/06\/Untersuchungsraum-300x200.jpg 300w, https:\/\/copp.lu\/wp-content\/uploads\/2020\/06\/Untersuchungsraum-1030x687.jpg 1030w, https:\/\/copp.lu\/wp-content\/uploads\/2020\/06\/Untersuchungsraum-768x512.jpg 768w, https:\/\/copp.lu\/wp-content\/uploads\/2020\/06\/Untersuchungsraum-1536x1024.jpg 1536w, https:\/\/copp.lu\/wp-content\/uploads\/2020\/06\/Untersuchungsraum-2048x1365.jpg 2048w, https:\/\/copp.lu\/wp-content\/uploads\/2020\/06\/Untersuchungsraum-1500x1000.jpg 1500w, https:\/\/copp.lu\/wp-content\/uploads\/2020\/06\/Untersuchungsraum-705x470.jpg 705w\" sizes=\"(max-width: 2560px) 100vw, 2560px\" \/><\/div><\/div><\/div><\/div>\n<style type=\"text\/css\" data-created_by=\"avia_inline_auto\" id=\"style-css-av-nziq2u-da3c0bce4d13de8ae0051d6a5adc488a\">\n.flex_column.av-nziq2u-da3c0bce4d13de8ae0051d6a5adc488a{\nwidth:31.333333333333%;\nmargin-left:3%;\n}\n<\/style>\n<div  class='flex_column av-nziq2u-da3c0bce4d13de8ae0051d6a5adc488a av_one_third  avia-builder-el-13  el_after_av_one_third  el_before_av_one_third  flex_column_div  '     ><style type=\"text\/css\" data-created_by=\"avia_inline_auto\" id=\"style-css-av-mspnom-fb9dac6bb11e9ef5b2a022c8653ca15c\">\n.avia-image-container.av-mspnom-fb9dac6bb11e9ef5b2a022c8653ca15c img.avia_image{\nbox-shadow:none;\n}\n.avia-image-container.av-mspnom-fb9dac6bb11e9ef5b2a022c8653ca15c .av-caption-image-overlay-bg{\nopacity:0.4;\n}\n<\/style>\n<div  class='avia-image-container av-mspnom-fb9dac6bb11e9ef5b2a022c8653ca15c av-styling- avia-align-center  avia-builder-el-14  avia-builder-el-no-sibling  noHover av-overlay-on-hover'   itemprop=\"image\" itemscope=\"itemscope\" itemtype=\"https:\/\/schema.org\/ImageObject\" ><div class=\"avia-image-container-inner\"><div class=\"avia-image-overlay-wrap\"><div class=\"av-image-caption-overlay\"><div class=\"av-caption-image-overlay-bg\"><\/div><div class=\"av-image-caption-overlay-position\"><div class=\"av-image-caption-overlay-center\"><\/div><\/div><\/div><img decoding=\"async\" fetchpriority=\"high\" class='wp-image-1958 avia-img-lazy-loading-not-1958 avia_image ' src=\"https:\/\/copp.lu\/wp-content\/uploads\/2020\/06\/Alcon-suite-3-scaled.jpg\" alt='' title='Alcon-suite-3'  height=\"1707\" width=\"2560\"  itemprop=\"thumbnailUrl\" srcset=\"https:\/\/copp.lu\/wp-content\/uploads\/2020\/06\/Alcon-suite-3-scaled.jpg 2560w, https:\/\/copp.lu\/wp-content\/uploads\/2020\/06\/Alcon-suite-3-300x200.jpg 300w, https:\/\/copp.lu\/wp-content\/uploads\/2020\/06\/Alcon-suite-3-1030x687.jpg 1030w, https:\/\/copp.lu\/wp-content\/uploads\/2020\/06\/Alcon-suite-3-768x512.jpg 768w, https:\/\/copp.lu\/wp-content\/uploads\/2020\/06\/Alcon-suite-3-1536x1024.jpg 1536w, https:\/\/copp.lu\/wp-content\/uploads\/2020\/06\/Alcon-suite-3-2048x1365.jpg 2048w, https:\/\/copp.lu\/wp-content\/uploads\/2020\/06\/Alcon-suite-3-1500x1000.jpg 1500w, https:\/\/copp.lu\/wp-content\/uploads\/2020\/06\/Alcon-suite-3-705x470.jpg 705w\" sizes=\"(max-width: 2560px) 100vw, 2560px\" \/><\/div><\/div><\/div><\/div>\n<style type=\"text\/css\" data-created_by=\"avia_inline_auto\" id=\"style-css-av-22og46-9a4938043cc6c92c598ed799ad7d8f29\">\n.flex_column.av-22og46-9a4938043cc6c92c598ed799ad7d8f29{\nwidth:31.333333333333%;\nmargin-left:3%;\n}\n<\/style>\n<div  class='flex_column av-22og46-9a4938043cc6c92c598ed799ad7d8f29 av_one_third  avia-builder-el-15  el_after_av_one_third  avia-builder-el-last  flex_column_div  '     ><style type=\"text\/css\" data-created_by=\"avia_inline_auto\" id=\"style-css-av-jqse9i-f45fbe3ca8d465f43a203ce3a71350fe\">\n.avia-image-container.av-jqse9i-f45fbe3ca8d465f43a203ce3a71350fe img.avia_image{\nbox-shadow:none;\n}\n.avia-image-container.av-jqse9i-f45fbe3ca8d465f43a203ce3a71350fe .av-caption-image-overlay-bg{\nopacity:0.4;\n}\n<\/style>\n<div  class='avia-image-container av-jqse9i-f45fbe3ca8d465f43a203ce3a71350fe av-styling- avia-align-center  avia-builder-el-16  avia-builder-el-no-sibling  noHover av-overlay-on-hover'   itemprop=\"image\" itemscope=\"itemscope\" itemtype=\"https:\/\/schema.org\/ImageObject\" ><div class=\"avia-image-container-inner\"><div class=\"avia-image-overlay-wrap\"><div class=\"av-image-caption-overlay\"><div class=\"av-caption-image-overlay-bg\"><\/div><div class=\"av-image-caption-overlay-position\"><div class=\"av-image-caption-overlay-center\"><\/div><\/div><\/div><img decoding=\"async\" fetchpriority=\"high\" class='wp-image-1973 avia-img-lazy-loading-not-1973 avia_image ' src=\"https:\/\/copp.lu\/wp-content\/uploads\/2020\/06\/Topo-2-scaled.jpg\" alt='' title='Topo-2'  height=\"1707\" width=\"2560\"  itemprop=\"thumbnailUrl\" srcset=\"https:\/\/copp.lu\/wp-content\/uploads\/2020\/06\/Topo-2-scaled.jpg 2560w, https:\/\/copp.lu\/wp-content\/uploads\/2020\/06\/Topo-2-300x200.jpg 300w, https:\/\/copp.lu\/wp-content\/uploads\/2020\/06\/Topo-2-1030x687.jpg 1030w, https:\/\/copp.lu\/wp-content\/uploads\/2020\/06\/Topo-2-768x512.jpg 768w, https:\/\/copp.lu\/wp-content\/uploads\/2020\/06\/Topo-2-1536x1024.jpg 1536w, https:\/\/copp.lu\/wp-content\/uploads\/2020\/06\/Topo-2-2048x1365.jpg 2048w, https:\/\/copp.lu\/wp-content\/uploads\/2020\/06\/Topo-2-1500x1000.jpg 1500w, https:\/\/copp.lu\/wp-content\/uploads\/2020\/06\/Topo-2-705x470.jpg 705w\" sizes=\"(max-width: 2560px) 100vw, 2560px\" \/><\/div><\/div><\/div><\/div><\/p>\n<\/div><\/div>\n<\/div><\/p>\n<div id='av_section_3'  class='avia-section av-gquiae-b3845b578076c88e6a75373efa8d63c6 main_color avia-section-default avia-no-border-styling  avia-builder-el-17  el_after_av_layout_row  el_before_av_section  avia-bg-style-scroll container_wrap fullsize'  ><div class='container av-section-cont-open' ><div class='template-page content  av-content-full alpha units'><div class='post-entry post-entry-type-page post-entry-2214'><div class='entry-content-wrapper clearfix'>\n\n<style type=\"text\/css\" data-created_by=\"avia_inline_auto\" id=\"style-css-av-gdn43a-17e6f5fa3e62b789f1a15e62ef9559a4\">\n.flex_column.av-gdn43a-17e6f5fa3e62b789f1a15e62ef9559a4{\nborder-radius:0px 0px 0px 0px;\npadding:0px 0px 0px 0px;\n}\n<\/style>\n<div  class='flex_column av-gdn43a-17e6f5fa3e62b789f1a15e62ef9559a4 av_one_full  avia-builder-el-18  avia-builder-el-no-sibling  first flex_column_div av-zero-column-padding  '     ><section  class='av_textblock_section av-4uqae-55a1cd0db2524928f0fbf23aa4b6187b '   itemscope=\"itemscope\" itemtype=\"https:\/\/schema.org\/CreativeWork\" ><div class='avia_textblock'  itemprop=\"text\" ><h2><b> Diagnostikger\u00e4te <\/b><\/h2>\n<p style=\"text-align: justify;\">Die verschiedenen Diagnostikger\u00e4te erm\u00f6glichen es, die Augen der Patienten zu beurteilen und die Eignung f\u00fcr eine Laserbehandlung zu best\u00e4tigen, wenn keine Kontraindikationen vorliegen.<br \/>\nAlle diese Ger\u00e4te werden regelm\u00e4\u00dfig gewartet, um sicherzustellen, dass sie einwandfrei funktionieren.<\/p>\n<h3>WaveLight Topolyzer Vario<\/h3>\n<p style=\"text-align: justify;\">Erstellt eine HD-Topographiekarte der Vorderseite der Hornhaut, die auf 22.000 Messpunkten basiert. Die personalisierte Laserbehandlung &#8222;Contoura Vison&#8220; basiert auf den gewonnenen Daten. Dieses Ger\u00e4t f\u00fchrt auch eine Pupillometrie und Iriserkennung durch.<\/p>\n<h3>WaveLight Oculyzer Vario<\/h3>\n<p style=\"text-align: justify;\">Erfasst gleichzeitig Daten von der Vorder- und R\u00fcckseite der Hornhaut und erstellt daraus eine Karte der Dicke an jedem Punkt: die tomographische Karte. Dieses Ger\u00e4t ist f\u00fcr die Fr\u00fcherkennung von subklinischen Formen des Keratokonus unerl\u00e4sslich.<\/p>\n<h3>Cirrus HD-OCT 500 von Zeiss<\/h3>\n<p style=\"text-align: justify;\">Erstellt eine genaue dreidimensionale Karte der Stroma- und Epithelschichten der Hornhaut. Es erm\u00f6glicht die Untersuchung der Eigenschaften des Epithels, das im Falle eines fr\u00fchen Keratokonus tomographisch noch nicht nachweisbare Ver\u00e4nderungen aufweisen kann.<br \/>\nDieses Ger\u00e4t analysiert auch die Makula und den Sehnerv.<\/p>\n<h3>Alcon Verion Biometer<\/h3>\n<p style=\"text-align: justify;\">Erm\u00f6glicht eine Biometrie des gesamten Auges sowie eine genaue Messung der Keratometrie, des Astigmatismus und der Achse. Es ist mit mehreren IOL-Formeln ausgestattet, um die refraktiven Ergebnisse zu optimieren.<\/p>\n<h3>Wavefront Nidek OPD scan III Aberometrie<\/h3>\n<p style=\"text-align: justify;\">Misst den Weg der Lichtstrahlen durch das optische System des Auges von der Hornhaut bis zur Netzhaut. Dies erm\u00f6glicht es, die Wahl des Behandlungsprofils an den verschiedenen optischen Zonen des Auges auszurichten sowie Unregelm\u00e4\u00dfigkeiten der Linse aufzusp\u00fcren, die die Entscheidungen des Chirurgen beeinflussen k\u00f6nnten.<\/p>\n<\/div><\/section><\/div><\/div><\/div><\/div><!-- close content main div --><\/div><\/div><div id='av_section_4'  class='avia-section av-av_section-333476ff014a1d45d26752a438e67a00 main_color avia-section-default avia-no-border-styling  avia-builder-el-20  el_after_av_section  el_before_av_section  av-small-hide av-mini-hide avia-bg-style-scroll container_wrap fullsize'  ><div class='container av-section-cont-open' ><div class='template-page content  av-content-full alpha units'><div class='post-entry post-entry-type-page post-entry-2214'><div class='entry-content-wrapper clearfix'>\n\n<style type=\"text\/css\" data-created_by=\"avia_inline_auto\" id=\"style-css-av-av_one_full-dad4e3b8e756b67fa5639e49435dab0f\">\n.flex_column.av-av_one_full-dad4e3b8e756b67fa5639e49435dab0f{\npadding:50px 50px 50px 50px;\nbackground:url(https:\/\/copp.lu\/wp-content\/uploads\/2023\/05\/Fond-Ophtalmo-Luxembourg-Paris.jpg) 100% 100% no-repeat scroll ;\n}\n<\/style>\n<div  class='flex_column av-av_one_full-dad4e3b8e756b67fa5639e49435dab0f av_one_full  avia-builder-el-21  avia-builder-el-no-sibling  first flex_column_div avia-full-stretch  '     ><p><div  class='avia-button-wrap av-av_button-513bed19b868dec590f3a32cfe26a210-wrap avia-button-left  avia-builder-el-22  el_before_av_textblock  avia-builder-el-first '>\n<style type=\"text\/css\" data-created_by=\"avia_inline_auto\" id=\"style-css-av-av_button-513bed19b868dec590f3a32cfe26a210\">\n#top #wrap_all .avia-button.av-av_button-513bed19b868dec590f3a32cfe26a210{\nbackground-color:#004b70;\nborder-color:#004b70;\ncolor:#ffffff;\ntransition:all 0.4s ease-in-out;\n}\n#top #wrap_all .avia-button.av-av_button-513bed19b868dec590f3a32cfe26a210 .avia-svg-icon svg:first-child{\nfill:#ffffff;\nstroke:#ffffff;\n}\n<\/style>\n<a href='https:\/\/copp.lu\/de\/kontakt\/'  class='avia-button av-av_button-513bed19b868dec590f3a32cfe26a210 av-link-btn avia-icon_select-yes-left-icon avia-size-x-large avia-position-left'   aria-label=\"Vereinbaren Sie online einen Termin, indem Sie hier klicken\"><span class='avia_button_icon avia_button_icon_left avia-iconfont avia-font-fontello' data-av_icon='\ue836' data-av_iconfont='fontello' ><\/span><span class='avia_iconbox_title' >Vereinbaren Sie online einen Termin, indem Sie hier klicken<\/span><\/a><\/div><br \/>\n\n<style type=\"text\/css\" data-created_by=\"avia_inline_auto\" id=\"style-css-av-av_textblock-f702eadfebd2bd910ca74f8747a3761b\">\n#top .av_textblock_section.av-av_textblock-f702eadfebd2bd910ca74f8747a3761b .avia_textblock{\nfont-size:25px;\ncolor:#000000;\n}\n<\/style>\n<section  class='av_textblock_section av-av_textblock-f702eadfebd2bd910ca74f8747a3761b '   itemscope=\"itemscope\" itemtype=\"https:\/\/schema.org\/CreativeWork\" ><div class='avia_textblock av_inherit_color'  itemprop=\"text\" ><p>Wir k\u00fcmmern uns um alle Augenkrankheiten,<br \/>\nVon der Erstdiagnose bis zur regelm\u00e4\u00dfigen Nachsorge.<\/p>\n<\/div><\/section><\/p><\/div>\n<\/p>\n<\/div><\/div><\/div><!-- close content main div --><\/div><\/div><div id='av_section_5'  class='avia-section av-av_section-b43daffb5f973055ff362f70feec2c9f main_color avia-section-default avia-no-border-styling  avia-builder-el-24  el_after_av_section  avia-builder-el-last  av-desktop-hide av-medium-hide avia-bg-style-scroll container_wrap fullsize'  ><div class='container av-section-cont-open' ><div class='template-page content  av-content-full alpha units'><div class='post-entry post-entry-type-page post-entry-2214'><div class='entry-content-wrapper clearfix'>\n\n<style type=\"text\/css\" data-created_by=\"avia_inline_auto\" id=\"style-css-av-av_one_full-dad4e3b8e756b67fa5639e49435dab0f\">\n.flex_column.av-av_one_full-dad4e3b8e756b67fa5639e49435dab0f{\npadding:50px 50px 50px 50px;\nbackground:url(https:\/\/copp.lu\/wp-content\/uploads\/2023\/05\/Fond-Ophtalmo-Luxembourg-Paris.jpg) 100% 100% no-repeat scroll ;\n}\n<\/style>\n<div  class='flex_column av-av_one_full-dad4e3b8e756b67fa5639e49435dab0f av_one_full  avia-builder-el-25  avia-builder-el-no-sibling  first flex_column_div avia-full-stretch  '     ><div  class='avia-button-wrap av-av_button-513bed19b868dec590f3a32cfe26a210-wrap avia-button-left  avia-builder-el-26  avia-builder-el-no-sibling '>\n<style type=\"text\/css\" data-created_by=\"avia_inline_auto\" id=\"style-css-av-av_button-513bed19b868dec590f3a32cfe26a210\">\n#top #wrap_all .avia-button.av-av_button-513bed19b868dec590f3a32cfe26a210{\nbackground-color:#004b70;\nborder-color:#004b70;\ncolor:#ffffff;\ntransition:all 0.4s ease-in-out;\n}\n#top #wrap_all .avia-button.av-av_button-513bed19b868dec590f3a32cfe26a210 .avia-svg-icon svg:first-child{\nfill:#ffffff;\nstroke:#ffffff;\n}\n<\/style>\n<a href='https:\/\/copp.lu\/de\/kontakt\/'  class='avia-button av-av_button-513bed19b868dec590f3a32cfe26a210 av-link-btn avia-icon_select-yes-left-icon avia-size-x-large avia-position-left'   aria-label=\"Vereinbaren Sie online einen Termin, indem Sie hier klicken\"><span class='avia_button_icon avia_button_icon_left avia-iconfont avia-font-fontello' data-av_icon='\ue836' data-av_iconfont='fontello' ><\/span><span class='avia_iconbox_title' >Vereinbaren Sie online einen Termin, indem Sie hier klicken<\/span><\/a><\/div><\/div>\n\n","protected":false},"excerpt":{"rendered":"","protected":false},"author":5,"featured_media":0,"parent":2170,"menu_order":6,"comment_status":"closed","ping_status":"closed","template":"","meta":{"footnotes":""},"class_list":["post-2214","page","type-page","status-publish","hentry"],"yoast_head":"<!-- This site is optimized with the Yoast SEO plugin v27.3 - https:\/\/yoast.com\/product\/yoast-seo-wordpress\/ -->\n<title>Technologie und Ausstattung - Centre Ophtalmologique Place de Paris Luxembourg<\/title>\n<meta name=\"robots\" content=\"index, follow, max-snippet:-1, max-image-preview:large, max-video-preview:-1\" \/>\n<link rel=\"canonical\" href=\"https:\/\/copp.lu\/de\/augenlasern\/technologie-und-ausstattung\/\" \/>\n<meta property=\"og:locale\" content=\"de_DE\" \/>\n<meta property=\"og:type\" content=\"article\" \/>\n<meta property=\"og:title\" content=\"Technologie und Ausstattung - Centre Ophtalmologique Place de Paris Luxembourg\" \/>\n<meta property=\"og:url\" content=\"https:\/\/copp.lu\/de\/augenlasern\/technologie-und-ausstattung\/\" \/>\n<meta property=\"og:site_name\" content=\"Centre Ophtalmologique Place de Paris Luxembourg\" \/>\n<meta property=\"article:modified_time\" content=\"2023-06-07T14:00:48+00:00\" \/>\n<meta property=\"og:image\" content=\"http:\/\/localhost:8888\/copp\/wp-content\/uploads\/2020\/06\/page-daccueillaser.jpg\" \/>\n<meta name=\"twitter:card\" content=\"summary_large_image\" \/>\n<meta name=\"twitter:image\" content=\"http:\/\/localhost:8888\/copp\/wp-content\/uploads\/2020\/06\/page-daccueillaser.jpg\" \/>\n<meta name=\"twitter:label1\" content=\"Gesch\u00e4tzte Lesezeit\" \/>\n\t<meta name=\"twitter:data1\" content=\"12\u00a0Minuten\" \/>\n<script type=\"application\/ld+json\" class=\"yoast-schema-graph\">{\"@context\":\"https:\\\/\\\/schema.org\",\"@graph\":[{\"@type\":\"WebPage\",\"@id\":\"https:\\\/\\\/copp.lu\\\/de\\\/augenlasern\\\/technologie-und-ausstattung\\\/\",\"url\":\"https:\\\/\\\/copp.lu\\\/de\\\/augenlasern\\\/technologie-und-ausstattung\\\/\",\"name\":\"Technologie und Ausstattung - Centre Ophtalmologique Place de Paris Luxembourg\",\"isPartOf\":{\"@id\":\"https:\\\/\\\/copp.lu\\\/de\\\/#website\"},\"datePublished\":\"2022-03-10T09:57:33+00:00\",\"dateModified\":\"2023-06-07T14:00:48+00:00\",\"breadcrumb\":{\"@id\":\"https:\\\/\\\/copp.lu\\\/de\\\/augenlasern\\\/technologie-und-ausstattung\\\/#breadcrumb\"},\"inLanguage\":\"de\",\"potentialAction\":[{\"@type\":\"ReadAction\",\"target\":[\"https:\\\/\\\/copp.lu\\\/de\\\/augenlasern\\\/technologie-und-ausstattung\\\/\"]}]},{\"@type\":\"BreadcrumbList\",\"@id\":\"https:\\\/\\\/copp.lu\\\/de\\\/augenlasern\\\/technologie-und-ausstattung\\\/#breadcrumb\",\"itemListElement\":[{\"@type\":\"ListItem\",\"position\":1,\"name\":\"Home\",\"item\":\"https:\\\/\\\/copp.lu\\\/de\\\/\"},{\"@type\":\"ListItem\",\"position\":2,\"name\":\"Augenlasern\",\"item\":\"https:\\\/\\\/copp.lu\\\/de\\\/augenlasern\\\/\"},{\"@type\":\"ListItem\",\"position\":3,\"name\":\"Technologie und Ausstattung\"}]},{\"@type\":\"WebSite\",\"@id\":\"https:\\\/\\\/copp.lu\\\/de\\\/#website\",\"url\":\"https:\\\/\\\/copp.lu\\\/de\\\/\",\"name\":\"Centre Ophtalmologique Place de Paris Luxembourg\",\"description\":\"Ophtalmologie au Luxembourg\",\"publisher\":{\"@id\":\"https:\\\/\\\/copp.lu\\\/de\\\/#organization\"},\"potentialAction\":[{\"@type\":\"SearchAction\",\"target\":{\"@type\":\"EntryPoint\",\"urlTemplate\":\"https:\\\/\\\/copp.lu\\\/de\\\/?s={search_term_string}\"},\"query-input\":{\"@type\":\"PropertyValueSpecification\",\"valueRequired\":true,\"valueName\":\"search_term_string\"}}],\"inLanguage\":\"de\"},{\"@type\":\"Organization\",\"@id\":\"https:\\\/\\\/copp.lu\\\/de\\\/#organization\",\"name\":\"Centre Ophtalmologique Place de Paris au Luxembourg\",\"url\":\"https:\\\/\\\/copp.lu\\\/de\\\/\",\"logo\":{\"@type\":\"ImageObject\",\"inLanguage\":\"de\",\"@id\":\"https:\\\/\\\/copp.lu\\\/de\\\/#\\\/schema\\\/logo\\\/image\\\/\",\"url\":\"https:\\\/\\\/copp.lu\\\/wp-content\\\/uploads\\\/2020\\\/06\\\/logo_luxeyes_Taste_V6-01.png\",\"contentUrl\":\"https:\\\/\\\/copp.lu\\\/wp-content\\\/uploads\\\/2020\\\/06\\\/logo_luxeyes_Taste_V6-01.png\",\"width\":2544,\"height\":744,\"caption\":\"Centre Ophtalmologique Place de Paris au Luxembourg\"},\"image\":{\"@id\":\"https:\\\/\\\/copp.lu\\\/de\\\/#\\\/schema\\\/logo\\\/image\\\/\"}}]}<\/script>\n<!-- \/ Yoast SEO plugin. -->","yoast_head_json":{"title":"Technologie und Ausstattung - Centre Ophtalmologique Place de Paris Luxembourg","robots":{"index":"index","follow":"follow","max-snippet":"max-snippet:-1","max-image-preview":"max-image-preview:large","max-video-preview":"max-video-preview:-1"},"canonical":"https:\/\/copp.lu\/de\/augenlasern\/technologie-und-ausstattung\/","og_locale":"de_DE","og_type":"article","og_title":"Technologie und Ausstattung - Centre Ophtalmologique Place de Paris Luxembourg","og_url":"https:\/\/copp.lu\/de\/augenlasern\/technologie-und-ausstattung\/","og_site_name":"Centre Ophtalmologique Place de Paris Luxembourg","article_modified_time":"2023-06-07T14:00:48+00:00","og_image":[{"url":"http:\/\/localhost:8888\/copp\/wp-content\/uploads\/2020\/06\/page-daccueillaser.jpg","type":"","width":"","height":""}],"twitter_card":"summary_large_image","twitter_image":"http:\/\/localhost:8888\/copp\/wp-content\/uploads\/2020\/06\/page-daccueillaser.jpg","twitter_misc":{"Gesch\u00e4tzte Lesezeit":"12\u00a0Minuten"},"schema":{"@context":"https:\/\/schema.org","@graph":[{"@type":"WebPage","@id":"https:\/\/copp.lu\/de\/augenlasern\/technologie-und-ausstattung\/","url":"https:\/\/copp.lu\/de\/augenlasern\/technologie-und-ausstattung\/","name":"Technologie und Ausstattung - Centre Ophtalmologique Place de Paris Luxembourg","isPartOf":{"@id":"https:\/\/copp.lu\/de\/#website"},"datePublished":"2022-03-10T09:57:33+00:00","dateModified":"2023-06-07T14:00:48+00:00","breadcrumb":{"@id":"https:\/\/copp.lu\/de\/augenlasern\/technologie-und-ausstattung\/#breadcrumb"},"inLanguage":"de","potentialAction":[{"@type":"ReadAction","target":["https:\/\/copp.lu\/de\/augenlasern\/technologie-und-ausstattung\/"]}]},{"@type":"BreadcrumbList","@id":"https:\/\/copp.lu\/de\/augenlasern\/technologie-und-ausstattung\/#breadcrumb","itemListElement":[{"@type":"ListItem","position":1,"name":"Home","item":"https:\/\/copp.lu\/de\/"},{"@type":"ListItem","position":2,"name":"Augenlasern","item":"https:\/\/copp.lu\/de\/augenlasern\/"},{"@type":"ListItem","position":3,"name":"Technologie und Ausstattung"}]},{"@type":"WebSite","@id":"https:\/\/copp.lu\/de\/#website","url":"https:\/\/copp.lu\/de\/","name":"Centre Ophtalmologique Place de Paris Luxembourg","description":"Ophtalmologie au Luxembourg","publisher":{"@id":"https:\/\/copp.lu\/de\/#organization"},"potentialAction":[{"@type":"SearchAction","target":{"@type":"EntryPoint","urlTemplate":"https:\/\/copp.lu\/de\/?s={search_term_string}"},"query-input":{"@type":"PropertyValueSpecification","valueRequired":true,"valueName":"search_term_string"}}],"inLanguage":"de"},{"@type":"Organization","@id":"https:\/\/copp.lu\/de\/#organization","name":"Centre Ophtalmologique Place de Paris au Luxembourg","url":"https:\/\/copp.lu\/de\/","logo":{"@type":"ImageObject","inLanguage":"de","@id":"https:\/\/copp.lu\/de\/#\/schema\/logo\/image\/","url":"https:\/\/copp.lu\/wp-content\/uploads\/2020\/06\/logo_luxeyes_Taste_V6-01.png","contentUrl":"https:\/\/copp.lu\/wp-content\/uploads\/2020\/06\/logo_luxeyes_Taste_V6-01.png","width":2544,"height":744,"caption":"Centre Ophtalmologique Place de Paris au Luxembourg"},"image":{"@id":"https:\/\/copp.lu\/de\/#\/schema\/logo\/image\/"}}]}},"_links":{"self":[{"href":"https:\/\/copp.lu\/de\/wp-json\/wp\/v2\/pages\/2214","targetHints":{"allow":["GET"]}}],"collection":[{"href":"https:\/\/copp.lu\/de\/wp-json\/wp\/v2\/pages"}],"about":[{"href":"https:\/\/copp.lu\/de\/wp-json\/wp\/v2\/types\/page"}],"author":[{"embeddable":true,"href":"https:\/\/copp.lu\/de\/wp-json\/wp\/v2\/users\/5"}],"replies":[{"embeddable":true,"href":"https:\/\/copp.lu\/de\/wp-json\/wp\/v2\/comments?post=2214"}],"version-history":[{"count":3,"href":"https:\/\/copp.lu\/de\/wp-json\/wp\/v2\/pages\/2214\/revisions"}],"predecessor-version":[{"id":3676,"href":"https:\/\/copp.lu\/de\/wp-json\/wp\/v2\/pages\/2214\/revisions\/3676"}],"up":[{"embeddable":true,"href":"https:\/\/copp.lu\/de\/wp-json\/wp\/v2\/pages\/2170"}],"wp:attachment":[{"href":"https:\/\/copp.lu\/de\/wp-json\/wp\/v2\/media?parent=2214"}],"curies":[{"name":"wp","href":"https:\/\/api.w.org\/{rel}","templated":true}]}}